{"id":40,"date":"2018-04-20T00:39:00","date_gmt":"2018-04-20T00:39:00","guid":{"rendered":"http:\/\/fundasuvicol.org\/sitio\/?page_id=40"},"modified":"2020-06-24T14:18:41","modified_gmt":"2020-06-24T14:18:41","slug":"servicios","status":"publish","type":"page","link":"https:\/\/fundasuvicol.org\/sitio\/servicios\/","title":{"rendered":"Servicios"},"content":{"rendered":"<p>[et_pb_section bb_built=\u00bb1&#8243; admin_label=\u00bbsection\u00bb background_color=\u00bb#ffffff\u00bb _builder_version=\u00bb3.0.106&#8243; custom_padding=\u00bb0px||0px|\u00bb custom_padding_tablet=\u00bb0px||0px|\u00bb top_divider_style=\u00bbclouds2&#8243; top_divider_color=\u00bb#0079b1&#8243; transparent_background=\u00bboff\u00bb padding_mobile=\u00bbon\u00bb next_background_color=\u00bb#000000&#8243;][et_pb_row admin_label=\u00bbRow\u00bb custom_width_px=\u00bb940px\u00bb custom_padding=\u00bb153px||31px|\u00bb custom_padding_tablet=\u00bb0px||64px|\u00bb column_padding_mobile=\u00bbon\u00bb parallax_method_1=\u00bboff\u00bb custom_padding_last_edited=\u00bbon|desktop\u00bb _builder_version=\u00bb3.0.47&#8243; background_size=\u00bbinitial\u00bb background_position=\u00bbtop_left\u00bb background_repeat=\u00bbrepeat\u00bb custom_padding_phone=\u00bb0px|0px|33px|0px\u00bb][et_pb_column type=\u00bb4_4&#8243;][et_pb_text _builder_version=\u00bb3.0.106&#8243; text_font=\u00bb||||||||\u00bb text_font_size=\u00bb45px\u00bb custom_margin=\u00bb100px|||\u00bb]<\/p>\n<p style=\"text-align: center;\">Servicios<\/p>\n<p>[\/et_pb_text][et_pb_divider show_divider=\u00bbon\u00bb height=\u00bb2px\u00bb _builder_version=\u00bb3.0.106&#8243; background_color=\u00bb#0079b1&#8243;]<br \/>\n[\/et_pb_divider][et_pb_text admin_label=\u00bbText\u00bb _builder_version=\u00bb3.0.106&#8243; text_font=\u00bbOpen Sans||||\u00bb text_font_size=\u00bb24&#8243; text_font_size_tablet=\u00bb18&#8243; text_font_size_last_edited=\u00bbon|tablet\u00bb text_text_color=\u00bb#888888&#8243; text_line_height=\u00bb1.4em\u00bb background_size=\u00bbinitial\u00bb background_position=\u00bbtop_left\u00bb background_repeat=\u00bbrepeat\u00bb max_width=\u00bb940px\u00bb use_border_color=\u00bboff\u00bb border_color=\u00bb#ffffff\u00bb border_style=\u00bbsolid\u00bb]<\/p>\n<p style=\"text-align: center;\">En el centro de sue\u00f1o FUNDASUVICOL IPS se prestan servicios de consulta m\u00e9dica especializada y se llevan a cabo los siguientes procedimientos:<\/p>\n<p>[\/et_pb_text][\/et_pb_column][\/et_pb_row][\/et_pb_section][et_pb_section bb_built=\u00bb1&#8243; _builder_version=\u00bb3.0.106&#8243; custom_padding=\u00bb7px|0px|11px|0px\u00bb prev_background_color=\u00bb#000000&#8243; next_background_color=\u00bb#f7f7f7&#8243;][et_pb_row _builder_version=\u00bb3.0.106&#8243;][et_pb_column type=\u00bb4_4&#8243;][et_pb_text _builder_version=\u00bb3.0.106&#8243; text_font=\u00bb||||||||\u00bb text_font_size=\u00bb25px\u00bb text_text_color=\u00bb#ffffff\u00bb text_line_height=\u00bb1.8em\u00bb ul_font=\u00bb||||||||\u00bb background_color=\u00bb#0079B1&#8243;]<\/p>\n<p style=\"text-align: center;\"><strong>ESTUDIOS DE SUE\u00d1O<\/strong><\/p>\n<p>[\/et_pb_text][\/et_pb_column][\/et_pb_row][\/et_pb_section][et_pb_section bb_built=\u00bb1&#8243; admin_label=\u00bbSection\u00bb background_color=\u00bb#f7f7f7&#8243; _builder_version=\u00bb3.0.106&#8243; custom_padding=\u00bb0px||0px|\u00bb custom_padding_tablet=\u00bb0px||0px|\u00bb bottom_divider_color=\u00bb#0079b1&#8243; bottom_divider_height=\u00bb35px\u00bb transparent_background=\u00bboff\u00bb padding_mobile=\u00bbon\u00bb prev_background_color=\u00bb#ffffff\u00bb][et_pb_row admin_label=\u00bbRow\u00bb custom_padding=\u00bb0||0|\u00bb custom_padding_tablet=\u00bb90px||0px|\u00bb column_padding_mobile=\u00bbon\u00bb parallax_method_1=\u00bboff\u00bb parallax_method_2=\u00bboff\u00bb custom_padding_last_edited=\u00bbon|desktop\u00bb _builder_version=\u00bb3.0.106&#8243; background_size=\u00bbinitial\u00bb background_position=\u00bbtop_left\u00bb background_repeat=\u00bbrepeat\u00bb border_color_all=\u00bb#0079B1&#8243;][et_pb_column type=\u00bb4_4&#8243;][et_pb_divider admin_label=\u00bbDivider\u00bb color=\u00bb#0079b1&#8243; show_divider=\u00bbon\u00bb divider_weight=\u00bb4&#8243; height=\u00bb0&#8243; _builder_version=\u00bb3.0.106&#8243; hide_on_mobile=\u00bboff\u00bb]<br \/>\n[\/et_pb_divider][et_pb_toggle admin_label=\u00bbToggle\u00bb title=\u00bbPolisomnograf\u00eda Basal en Ni\u00f1os y Adultos\u00bb open_toggle_text_color=\u00bb#000000&#8243; open_toggle_background_color=\u00bb#f7f7f7&#8243; closed_toggle_text_color=\u00bb#8c8c8c\u00bb closed_toggle_background_color=\u00bb#f7f7f7&#8243; icon_color=\u00bb#8c8c8c\u00bb _builder_version=\u00bb3.0.106&#8243; title_font=\u00bbOpen Sans|on|||\u00bb title_font_size=\u00bb24&#8243; title_font_size_tablet=\u00bb18&#8243; title_font_size_last_edited=\u00bbon|tablet\u00bb title_text_color=\u00bb#000000&#8243; body_font=\u00bbOpen Sans||||\u00bb body_font_size=\u00bb18&#8243; body_text_color=\u00bb#666666&#8243; body_line_height=\u00bb1.6em\u00bb background_size=\u00bbinitial\u00bb background_position=\u00bbtop_left\u00bb background_repeat=\u00bbrepeat\u00bb border_width_all=\u00bb1px\u00bb border_color_all=\u00bb#f7f7f7&#8243; border_style_all=\u00bbsolid\u00bb custom_padding=\u00bb5px|0px|2px|0px\u00bb custom_css_toggle_icon=\u00bbfont-size:20px;||\u00bb use_border_color=\u00bbon\u00bb border_color=\u00bb#f7f7f7&#8243; border_style=\u00bbsolid\u00bb]<\/p>\n<p>Se utiliza para diagnosticar enfermedades del sue\u00f1o, la m\u00e1s habitual es la\u00a0<strong>polisomnograf\u00eda basal<\/strong>, tambi\u00e9n llamada \u201cest\u00e1ndar\u201d o cl\u00e1sica. Esta consiste en un estudio nocturno\u00a0que registra nivel de oxigenaci\u00f3n, frecuencia card\u00edaca, contracciones musculares, movimiento de los ojos, entre otros.<\/p>\n<p>[\/et_pb_toggle][et_pb_divider admin_label=\u00bbDivider\u00bb color=\u00bb#0079b1&#8243; show_divider=\u00bbon\u00bb divider_weight=\u00bb4&#8243; height=\u00bb0&#8243; _builder_version=\u00bb3.0.106&#8243; hide_on_mobile=\u00bboff\u00bb]<br \/>\n[\/et_pb_divider][et_pb_toggle admin_label=\u00bbToggle\u00bb title=\u00bbPolisomnograf\u00eda Basal Pedi\u00e1trica con Titulaci\u00f3n de Ox\u00edgeno a Necesidad\u00bb open_toggle_text_color=\u00bb#000000&#8243; open_toggle_background_color=\u00bb#f7f7f7&#8243; closed_toggle_text_color=\u00bb#8c8c8c\u00bb closed_toggle_background_color=\u00bb#f7f7f7&#8243; icon_color=\u00bb#8c8c8c\u00bb _builder_version=\u00bb3.0.106&#8243; title_font=\u00bbOpen Sans|on|||\u00bb title_font_size=\u00bb24&#8243; title_font_size_tablet=\u00bb18&#8243; title_font_size_last_edited=\u00bbon|tablet\u00bb title_text_color=\u00bb#000000&#8243; body_font=\u00bbOpen Sans||||\u00bb body_font_size=\u00bb18&#8243; body_text_color=\u00bb#666666&#8243; body_line_height=\u00bb1.6em\u00bb background_size=\u00bbinitial\u00bb background_position=\u00bbtop_left\u00bb background_repeat=\u00bbrepeat\u00bb border_width_all=\u00bb1px\u00bb border_color_all=\u00bb#f7f7f7&#8243; border_style_all=\u00bbsolid\u00bb custom_padding=\u00bb5px|0px|0px|0px\u00bb custom_css_toggle_icon=\u00bbfont-size:20px;||\u00bb use_border_color=\u00bbon\u00bb border_color=\u00bb#f7f7f7&#8243; border_style=\u00bbsolid\u00bb]<\/p>\n<p>Es una prueba indolora que permite detectar posibles trastornos del sue\u00f1o en los ni\u00f1os. Durante el estudio,\u00a0se monitoriza la frecuencia cardiaca y la respiraci\u00f3n del paciente entre otros factores. Es una exploraci\u00f3n muy segura, exenta de riesgos, por lo que no es necesario establecer precauciones especiales ni una preparaci\u00f3n especial previa. Contamos con un pabell\u00f3n pedi\u00e1trico especializado, en la sede del Country, para realizar este estudio en beb\u00e9s y ni\u00f1os.<\/p>\n<p>[\/et_pb_toggle][et_pb_divider admin_label=\u00bbDivider\u00bb color=\u00bb#0079b1&#8243; show_divider=\u00bbon\u00bb divider_weight=\u00bb4&#8243; height=\u00bb0&#8243; _builder_version=\u00bb3.0.106&#8243; hide_on_mobile=\u00bboff\u00bb]<br \/>\n[\/et_pb_divider][et_pb_toggle admin_label=\u00bbToggle\u00bb title=\u00bbCapnograf\u00eda\u00bb open_toggle_text_color=\u00bb#000000&#8243; open_toggle_background_color=\u00bb#f7f7f7&#8243; closed_toggle_text_color=\u00bb#8c8c8c\u00bb closed_toggle_background_color=\u00bb#f7f7f7&#8243; icon_color=\u00bb#8c8c8c\u00bb _builder_version=\u00bb3.0.106&#8243; title_font=\u00bbOpen Sans|on|||\u00bb title_font_size=\u00bb24&#8243; title_font_size_tablet=\u00bb18&#8243; title_font_size_last_edited=\u00bbon|tablet\u00bb title_text_color=\u00bb#000000&#8243; body_font=\u00bbOpen Sans||||\u00bb body_font_size=\u00bb18&#8243; body_text_color=\u00bb#666666&#8243; body_line_height=\u00bb1.6em\u00bb background_size=\u00bbinitial\u00bb background_position=\u00bbtop_left\u00bb background_repeat=\u00bbrepeat\u00bb border_width_all=\u00bb1px\u00bb border_color_all=\u00bb#f7f7f7&#8243; border_style_all=\u00bbsolid\u00bb custom_padding=\u00bb5px|0px|0px|0px\u00bb custom_css_toggle_icon=\u00bbfont-size:20px;||\u00bb use_border_color=\u00bbon\u00bb border_color=\u00bb#f7f7f7&#8243; border_style=\u00bbsolid\u00bb]<\/p>\n<p>La capnograf\u00eda es una monitorizaci\u00f3n no invasiva complementaria a la pulsioximetr\u00eda, ya que esta valora la oxigenaci\u00f3n, y mediante la capnograf\u00eda se analiza la ventilaci\u00f3n del paciente, midiendo el di\u00f3xido de carbono exhalado. Adem\u00e1s, puede valorar la perfusi\u00f3n y el metabolismo del paciente en algunos casos. La capnograf\u00eda se emplea desde hace m\u00e1s de 30 a\u00f1os para monitorizar al paciente intubado en el quir\u00f3fano, donde es est\u00e1ndar de atenci\u00f3n. El avance tecnol\u00f3gico ha permitido desarrollar capn\u00f3grafos port\u00e1tiles f\u00e1ciles de usar que ofrecen lecturas precisas tanto en pacientes intubados como con ventilaci\u00f3n espont\u00e1nea. Estos capn\u00f3grafos se est\u00e1n empezando a emplear en los servicios de emergencia m\u00e9dica (SEM) de Espa\u00f1a en los \u00faltimos a\u00f1os. La presente revisi\u00f3n bibliogr\u00e1fica ofrece una visi\u00f3n actual de la capnograf\u00eda para colaborar en la formaci\u00f3n de los profesionales sanitarios en esta monitorizaci\u00f3n de la ventilaci\u00f3n que se encuentra en pleno surgimiento en los SEM espa\u00f1oles.<\/p>\n<p>[\/et_pb_toggle][et_pb_divider admin_label=\u00bbDivider\u00bb color=\u00bb#0079b1&#8243; show_divider=\u00bbon\u00bb divider_weight=\u00bb4&#8243; height=\u00bb0&#8243; _builder_version=\u00bb3.0.106&#8243; hide_on_mobile=\u00bboff\u00bb]<br \/>\n[\/et_pb_divider][et_pb_toggle admin_label=\u00bbToggle\u00bb title=\u00bbPolisomnograf\u00eda con titulaci\u00f3n de CPAP (Presi\u00f3n positiva en la v\u00eda a\u00e9rea superior) \u2013 AutoCPAP &#8211; BiPAP &#8211; Servoventilador.\u00bb open_toggle_text_color=\u00bb#000000&#8243; open_toggle_background_color=\u00bb#f7f7f7&#8243; closed_toggle_text_color=\u00bb#8c8c8c\u00bb closed_toggle_background_color=\u00bb#f7f7f7&#8243; icon_color=\u00bb#8c8c8c\u00bb _builder_version=\u00bb3.0.106&#8243; title_font=\u00bbOpen Sans|on|||\u00bb title_font_size=\u00bb17px\u00bb title_font_size_tablet=\u00bb18&#8243; title_font_size_last_edited=\u00bbon|tablet\u00bb title_text_color=\u00bb#000000&#8243; body_font=\u00bbOpen Sans||||\u00bb body_font_size=\u00bb18&#8243; body_text_color=\u00bb#666666&#8243; body_line_height=\u00bb1.6em\u00bb background_size=\u00bbinitial\u00bb background_position=\u00bbtop_left\u00bb background_repeat=\u00bbrepeat\u00bb border_width_all=\u00bb1px\u00bb border_color_all=\u00bb#f7f7f7&#8243; border_style_all=\u00bbsolid\u00bb custom_padding=\u00bb5px|0px|0px|0px\u00bb custom_css_toggle_icon=\u00bbfont-size:20px;||\u00bb use_border_color=\u00bbon\u00bb border_color=\u00bb#f7f7f7&#8243; border_style=\u00bbsolid\u00bb]<\/p>\n<p>El CPAP (siglas en ingl\u00e9s de\u00a0<strong>Presi\u00f3n Positiva de Aire Cont\u00ednuo<\/strong>) provee aire a presi\u00f3n (no es ox\u00edgeno) a trav\u00e9s de una m\u00e1scara que se coloca en la nariz (existen tambi\u00e9n bucales) unida mediante una manguera o tubuladura a un peque\u00f1o compresor que impide que se cierre la v\u00eda a\u00e9rea mientras la persona duerme.<\/p>\n<p>La presi\u00f3n necesaria para producir esta apertura es \u201cindividual\u201d y por lo tanto deber\u00e1 ser regulada durante toda una noche en el Laboratorio de sue\u00f1o. Esta presi\u00f3n produce la eliminaci\u00f3n inmediata de los\u00a0<strong>ronquidos<\/strong>\u00a0y\u00a0<strong>apneas<\/strong>.<\/p>\n<p>El CPAP no es peligroso y la sensaci\u00f3n de bienestar a la ma\u00f1ana siguiente confirmar\u00e1 que ha sido correctamente titulado.<\/p>\n<p>[\/et_pb_toggle][et_pb_divider admin_label=\u00bbDivider\u00bb color=\u00bb#0079b1&#8243; show_divider=\u00bbon\u00bb divider_weight=\u00bb4&#8243; height=\u00bb0&#8243; _builder_version=\u00bb3.0.106&#8243; hide_on_mobile=\u00bboff\u00bb]<br \/>\n[\/et_pb_divider][et_pb_toggle admin_label=\u00bbToggle\u00bb title=\u00bbPrueba de Latencias M\u00faltiples de Sue\u00f1o\u00bb open_toggle_text_color=\u00bb#000000&#8243; open_toggle_background_color=\u00bb#f7f7f7&#8243; closed_toggle_text_color=\u00bb#8c8c8c\u00bb closed_toggle_background_color=\u00bb#f7f7f7&#8243; icon_color=\u00bb#8c8c8c\u00bb _builder_version=\u00bb3.0.106&#8243; title_font=\u00bbOpen Sans|on|||\u00bb title_font_size=\u00bb24&#8243; title_font_size_tablet=\u00bb18&#8243; title_font_size_last_edited=\u00bbon|tablet\u00bb title_text_color=\u00bb#000000&#8243; body_font=\u00bbOpen Sans||||\u00bb body_font_size=\u00bb18&#8243; body_text_color=\u00bb#666666&#8243; body_line_height=\u00bb1.6em\u00bb background_size=\u00bbinitial\u00bb background_position=\u00bbtop_left\u00bb background_repeat=\u00bbrepeat\u00bb border_width_all=\u00bb1px\u00bb border_color_all=\u00bb#f7f7f7&#8243; border_style_all=\u00bbsolid\u00bb custom_padding=\u00bb5px|0px|0px|0px\u00bb custom_css_toggle_icon=\u00bbfont-size:20px;||\u00bb use_border_color=\u00bbon\u00bb border_color=\u00bb#f7f7f7&#8243; border_style=\u00bbsolid\u00bb]<\/p>\n<p>El TLMS se usa en los casos de excesiva somnolencia diurna para comprobar la<b>latencia<\/b>\u00a0de entrada en\u00a0<b>sue\u00f1o<\/b>\u00a0y en fase REM. Normalmente se utiliza como ayuda para el diagn\u00f3stico de la narcolepsia y diferenciar la narcolepsia de hipersomnia idiop\u00e1tica.<\/p>\n<p>[\/et_pb_toggle][et_pb_divider admin_label=\u00bbDivider\u00bb color=\u00bb#0079b1&#8243; show_divider=\u00bbon\u00bb divider_weight=\u00bb4&#8243; height=\u00bb0&#8243; _builder_version=\u00bb3.0.106&#8243; hide_on_mobile=\u00bboff\u00bb]<br \/>\n[\/et_pb_divider][et_pb_toggle admin_label=\u00bbToggle\u00bb title=\u00bbPrueba de Mantenimiento de la Vigilia\u00bb open_toggle_text_color=\u00bb#000000&#8243; open_toggle_background_color=\u00bb#f7f7f7&#8243; closed_toggle_text_color=\u00bb#8c8c8c\u00bb closed_toggle_background_color=\u00bb#f7f7f7&#8243; icon_color=\u00bb#8c8c8c\u00bb _builder_version=\u00bb3.0.106&#8243; title_font=\u00bbOpen Sans|on|||\u00bb title_font_size=\u00bb24&#8243; title_font_size_tablet=\u00bb18&#8243; title_font_size_last_edited=\u00bbon|tablet\u00bb title_text_color=\u00bb#000000&#8243; body_font=\u00bbOpen Sans||||\u00bb body_font_size=\u00bb18&#8243; body_text_color=\u00bb#666666&#8243; body_line_height=\u00bb1.6em\u00bb background_size=\u00bbinitial\u00bb background_position=\u00bbtop_left\u00bb background_repeat=\u00bbrepeat\u00bb border_width_all=\u00bb1px\u00bb border_color_all=\u00bb#f7f7f7&#8243; border_style_all=\u00bbsolid\u00bb custom_padding=\u00bb5px|0px|0px|0px\u00bb custom_css_toggle_icon=\u00bbfont-size:20px;||\u00bb use_border_color=\u00bbon\u00bb border_color=\u00bb#f7f7f7&#8243; border_style=\u00bbsolid\u00bb]<\/p>\n<p>El objetivo principal del test de mantenimiento de la vigilia (TMV) es evaluar la capacidad que tiene el individuo para mantenerse despierto durante un periodo de tiempo. Fue dise\u00f1ado por M. Mitler en 1982\u00a0 para valorar la vigilia y como m\u00e9todo alternativo y\u00a0 no opuesto al TLMS. La medida de la capacidad de mantenerse despierto tiene un importante valora como medida de estado de alerta diurna en situaciones en las que se requiere\u00a0 estar en un estado de atenci\u00f3n importante.<\/p>\n<p>[\/et_pb_toggle][et_pb_divider admin_label=\u00bbDivider\u00bb color=\u00bb#0079b1&#8243; show_divider=\u00bbon\u00bb divider_weight=\u00bb4&#8243; height=\u00bb0&#8243; _builder_version=\u00bb3.0.106&#8243; hide_on_mobile=\u00bboff\u00bb]<br \/>\n[\/et_pb_divider][et_pb_toggle admin_label=\u00bbToggle\u00bb title=\u00bbPoligraf\u00eda Respiratoria Nocturna IM\u00bb open_toggle_text_color=\u00bb#000000&#8243; open_toggle_background_color=\u00bb#f7f7f7&#8243; closed_toggle_text_color=\u00bb#8c8c8c\u00bb closed_toggle_background_color=\u00bb#f7f7f7&#8243; icon_color=\u00bb#8c8c8c\u00bb _builder_version=\u00bb3.0.106&#8243; title_font=\u00bbOpen Sans|on|||\u00bb title_font_size=\u00bb24&#8243; title_font_size_tablet=\u00bb18&#8243; title_font_size_last_edited=\u00bbon|tablet\u00bb title_text_color=\u00bb#000000&#8243; body_font=\u00bbOpen Sans||||\u00bb body_font_size=\u00bb18&#8243; body_text_color=\u00bb#666666&#8243; body_line_height=\u00bb1.6em\u00bb background_size=\u00bbinitial\u00bb background_position=\u00bbtop_left\u00bb background_repeat=\u00bbrepeat\u00bb border_width_all=\u00bb1px\u00bb border_color_all=\u00bb#f7f7f7&#8243; border_style_all=\u00bbsolid\u00bb custom_padding=\u00bb5px|0px|0px|0px\u00bb custom_css_toggle_icon=\u00bbfont-size:20px;||\u00bb use_border_color=\u00bbon\u00bb border_color=\u00bb#f7f7f7&#8243; border_style=\u00bbsolid\u00bb]<\/p>\n<p>La Poligraf\u00eda del Sue\u00f1o es el estudio que se realiza para determinar los eventos\u00a0respiratorios nocturnos que producen suspensi\u00f3n de la entrada de aire a la v\u00eda a\u00e9rea.<\/p>\n<p>[\/et_pb_toggle][\/et_pb_column][\/et_pb_row][et_pb_row admin_label=\u00bbRow\u00bb custom_padding=\u00bb0||0px|\u00bb custom_padding_tablet=\u00bb90px||0px|\u00bb column_padding_mobile=\u00bbon\u00bb parallax_method_1=\u00bboff\u00bb parallax_method_2=\u00bboff\u00bb custom_padding_last_edited=\u00bbon|desktop\u00bb _builder_version=\u00bb3.0.106&#8243; background_size=\u00bbinitial\u00bb background_position=\u00bbtop_left\u00bb background_repeat=\u00bbrepeat\u00bb border_color_all=\u00bb#0079B1&#8243; custom_padding_phone=\u00bb0|0px|0px|0px\u00bb][et_pb_column type=\u00bb4_4&#8243;][et_pb_divider admin_label=\u00bbDivider\u00bb color=\u00bb#0079b1&#8243; show_divider=\u00bbon\u00bb divider_weight=\u00bb4&#8243; height=\u00bb0&#8243; _builder_version=\u00bb3.0.106&#8243; hide_on_mobile=\u00bboff\u00bb]<br \/>\n[\/et_pb_divider][et_pb_toggle admin_label=\u00bbToggle\u00bb title=\u00bbTest de Piernas Inquietas\u00bb open_toggle_text_color=\u00bb#000000&#8243; open_toggle_background_color=\u00bb#f7f7f7&#8243; closed_toggle_text_color=\u00bb#8c8c8c\u00bb closed_toggle_background_color=\u00bb#f7f7f7&#8243; icon_color=\u00bb#8c8c8c\u00bb _builder_version=\u00bb3.0.106&#8243; title_font=\u00bbOpen Sans|on|||\u00bb title_font_size=\u00bb24&#8243; title_font_size_tablet=\u00bb18&#8243; title_font_size_last_edited=\u00bbon|tablet\u00bb title_text_color=\u00bb#000000&#8243; body_font=\u00bbOpen Sans||||\u00bb body_font_size=\u00bb18&#8243; body_text_color=\u00bb#666666&#8243; body_line_height=\u00bb1.6em\u00bb background_size=\u00bbinitial\u00bb background_position=\u00bbtop_left\u00bb background_repeat=\u00bbrepeat\u00bb border_width_all=\u00bb1px\u00bb border_color_all=\u00bb#f7f7f7&#8243; border_style_all=\u00bbsolid\u00bb custom_padding=\u00bb5px|0px|2px|0px\u00bb custom_css_toggle_icon=\u00bbfont-size:20px;||\u00bb use_border_color=\u00bbon\u00bb border_color=\u00bb#f7f7f7&#8243; border_style=\u00bbsolid\u00bb]<\/p>\n<p>Hay quien esgrim\u00eda que el s\u00edndrome de piernas inquietas (SPI) era uno m\u00e1s de los\u00a0<i>s\u00edndromes<\/i>inventados en los \u00faltimos a\u00f1os, sin embargo, actualmente esta enfermedad se puede diagnosticar mediante datos cl\u00ednicos. Estos son los cuatro criterios que deben estar presentes en su diagn\u00f3stico:<\/p>\n<ul>\n<li>Necesidad de movimiento de las piernas, que suele acompa\u00f1arse de sensaciones molestas.<\/li>\n<li>Nerviosismo motor en las extremidades inferiores.<\/li>\n<li>Empeoramiento de los s\u00edntomas cuando se est\u00e1 en reposo y alivio cuando se est\u00e1 en movimiento.<\/li>\n<li>Aparici\u00f3n de los s\u00edntomas por la tarde-noche.<\/li>\n<\/ul>\n<p>o se trata de criterios imprescindibles; por tanto, para verificar el\u00a0<strong>diagn\u00f3stico del s\u00edndrome de piernas inquietas<\/strong>, el especialista valora otros aspectos, entre los que se encuentran: la dificultad para conciliar y mantener el sue\u00f1o, un examen neurol\u00f3gico normal o la historia familiar de SPI.<\/p>\n<p>Asimismo, puede resultar necesario un<strong>\u00a0estudio del sue\u00f1o<\/strong>\u00a0para comprobar la presencia de movimientos peri\u00f3dicos en las piernas. Esta prueba se llama\u00a0<a href=\"https:\/\/www.webconsultas.com\/pruebas-medicas\/polisomnografia-11876\">polisomnograf\u00eda<\/a>\u00a0y los expertos la consideran una herramienta muy \u00fatil. Especialmente en los casos en lo que existen m\u00e1s dudas, ya que esta prueba aporta informaci\u00f3n adicional que puede resultar esclarecedora.<\/p>\n<div id=\"hybs-slot-ac938927-0\"><\/div>\n<p>Tambi\u00e9n es interesante que se realice una anal\u00edtica para determinar si existe\u00a0<a href=\"https:\/\/www.webconsultas.com\/categoria\/salud-al-dia\/anemia\">falta de hierro<\/a>, ya que la carencia de este mineral afecta especialmente a las personas con s\u00edndrome de piernas inquietas.<\/p>\n<p>[\/et_pb_toggle][et_pb_divider admin_label=\u00bbDivider\u00bb color=\u00bb#0079b1&#8243; show_divider=\u00bbon\u00bb divider_weight=\u00bb4&#8243; height=\u00bb0&#8243; _builder_version=\u00bb3.0.106&#8243; hide_on_mobile=\u00bboff\u00bb]<br \/>\n[\/et_pb_divider][et_pb_text _builder_version=\u00bb3.0.106&#8243; text_font=\u00bb||||||||\u00bb text_font_size=\u00bb25px\u00bb text_text_color=\u00bb#ffffff\u00bb text_line_height=\u00bb1.8em\u00bb background_color=\u00bb#0079B1&#8243;]<\/p>\n<p style=\"text-align: center;\"><strong>PROGRAMAS DE ATENCI\u00d3N EN MEDICINA DEL SUE\u00d1O<\/strong><\/p>\n<p>[\/et_pb_text][et_pb_divider admin_label=\u00bbDivider\u00bb color=\u00bb#0079b1&#8243; show_divider=\u00bbon\u00bb divider_weight=\u00bb4&#8243; height=\u00bb0&#8243; _builder_version=\u00bb3.0.106&#8243; hide_on_mobile=\u00bboff\u00bb]<br \/>\n[\/et_pb_divider][et_pb_toggle admin_label=\u00bbToggle\u00bb title=\u00bbEvaluaci\u00f3n y Asesor\u00eda a Empresas que Laboran 24 Horas por 365 d\u00edas y Trabajadores que Duermen en horarios inusuales (trabajadores por turnos)\u00bb open_toggle_text_color=\u00bb#000000&#8243; open_toggle_background_color=\u00bb#f7f7f7&#8243; closed_toggle_text_color=\u00bb#8c8c8c\u00bb closed_toggle_background_color=\u00bb#f7f7f7&#8243; icon_color=\u00bb#8c8c8c\u00bb _builder_version=\u00bb3.0.106&#8243; title_font=\u00bbOpen Sans|on|||\u00bb title_font_size=\u00bb22px\u00bb title_font_size_tablet=\u00bb18&#8243; title_font_size_last_edited=\u00bbon|tablet\u00bb title_text_color=\u00bb#000000&#8243; body_font=\u00bbOpen Sans||||\u00bb body_font_size=\u00bb18&#8243; body_text_color=\u00bb#666666&#8243; body_line_height=\u00bb1.6em\u00bb background_size=\u00bbinitial\u00bb background_position=\u00bbtop_left\u00bb background_repeat=\u00bbrepeat\u00bb border_width_all=\u00bb1px\u00bb border_color_all=\u00bb#f7f7f7&#8243; border_style_all=\u00bbsolid\u00bb custom_padding=\u00bb5px|0px|0px|0px\u00bb custom_css_toggle_icon=\u00bbfont-size:20px;||\u00bb use_border_color=\u00bbon\u00bb border_color=\u00bb#f7f7f7&#8243; border_style=\u00bbsolid\u00bb]<br \/>\n[\/et_pb_toggle][et_pb_divider admin_label=\u00bbDivider\u00bb color=\u00bb#0079b1&#8243; show_divider=\u00bbon\u00bb divider_weight=\u00bb4&#8243; height=\u00bb0&#8243; _builder_version=\u00bb3.0.106&#8243; hide_on_mobile=\u00bboff\u00bb]<br \/>\n[\/et_pb_divider][et_pb_toggle admin_label=\u00bbToggle\u00bb title=\u00bbTerapia Comportamental Combinada para el insomnio\u00bb open_toggle_text_color=\u00bb#000000&#8243; open_toggle_background_color=\u00bb#f7f7f7&#8243; closed_toggle_text_color=\u00bb#8c8c8c\u00bb closed_toggle_background_color=\u00bb#f7f7f7&#8243; icon_color=\u00bb#8c8c8c\u00bb _builder_version=\u00bb3.0.106&#8243; title_font=\u00bbOpen Sans|on|||\u00bb title_font_size=\u00bb24&#8243; title_font_size_tablet=\u00bb18&#8243; title_font_size_last_edited=\u00bbon|tablet\u00bb title_text_color=\u00bb#000000&#8243; body_font=\u00bbOpen Sans||||\u00bb body_font_size=\u00bb18&#8243; body_text_color=\u00bb#666666&#8243; body_line_height=\u00bb1.6em\u00bb background_size=\u00bbinitial\u00bb background_position=\u00bbtop_left\u00bb background_repeat=\u00bbrepeat\u00bb border_width_all=\u00bb1px\u00bb border_color_all=\u00bb#f7f7f7&#8243; border_style_all=\u00bbsolid\u00bb custom_padding=\u00bb5px|0px|0px|0px\u00bb custom_css_toggle_icon=\u00bbfont-size:20px;||\u00bb use_border_color=\u00bbon\u00bb border_color=\u00bb#f7f7f7&#8243; border_style=\u00bbsolid\u00bb]<\/p>\n<p>La terapia cognitiva conductual para el insomnio es un programa estructurado que te ayuda a identificar y a reemplazar los pensamientos, as\u00ed como las conductas que provocan o empeoran los problemas del sue\u00f1o con h\u00e1bitos que fomentan el sue\u00f1o profundo. A diferencia de las pastillas para dormir, la TCC-I te ayuda a superar las causas no diagnosticadas de los problemas de sue\u00f1o.<\/p>\n<p>[\/et_pb_toggle][et_pb_divider admin_label=\u00bbDivider\u00bb color=\u00bb#0079b1&#8243; show_divider=\u00bbon\u00bb divider_weight=\u00bb4&#8243; height=\u00bb0&#8243; _builder_version=\u00bb3.0.106&#8243; hide_on_mobile=\u00bboff\u00bb]<br \/>\n[\/et_pb_divider][et_pb_toggle admin_label=\u00bbToggle\u00bb title=\u00bbAsesor\u00eda de Jet Lag\u00bb open_toggle_text_color=\u00bb#000000&#8243; open_toggle_background_color=\u00bb#f7f7f7&#8243; closed_toggle_text_color=\u00bb#8c8c8c\u00bb closed_toggle_background_color=\u00bb#f7f7f7&#8243; icon_color=\u00bb#8c8c8c\u00bb _builder_version=\u00bb3.0.106&#8243; title_font=\u00bbOpen Sans|on|||\u00bb title_font_size=\u00bb24&#8243; title_font_size_tablet=\u00bb18&#8243; title_font_size_last_edited=\u00bbon|tablet\u00bb title_text_color=\u00bb#000000&#8243; body_font=\u00bbOpen Sans||||\u00bb body_font_size=\u00bb18&#8243; body_text_color=\u00bb#666666&#8243; body_line_height=\u00bb1.6em\u00bb background_size=\u00bbinitial\u00bb background_position=\u00bbtop_left\u00bb background_repeat=\u00bbrepeat\u00bb border_width_all=\u00bb1px\u00bb border_color_all=\u00bb#f7f7f7&#8243; border_style_all=\u00bbsolid\u00bb custom_padding=\u00bb5px|0px|0px|0px\u00bb custom_css_toggle_icon=\u00bbfont-size:20px;||\u00bb use_border_color=\u00bbon\u00bb border_color=\u00bb#f7f7f7&#8243; border_style=\u00bbsolid\u00bb]<\/p>\n<p>El jet lag se manifiesta cuando viajamos atravesando varios meridianos, porque nuestro ritmo circadiano necesita tiempo para adaptarse al nuevo horario y sufrimos diversas molestias. Le asesoramos en c\u00f3mo prevenirlas.<\/p>\n<p>[\/et_pb_toggle][et_pb_divider admin_label=\u00bbDivider\u00bb color=\u00bb#0079b1&#8243; show_divider=\u00bbon\u00bb divider_weight=\u00bb4&#8243; height=\u00bb0&#8243; _builder_version=\u00bb3.0.106&#8243; hide_on_mobile=\u00bboff\u00bb]<br \/>\n[\/et_pb_divider][et_pb_toggle admin_label=\u00bbToggle\u00bb title=\u00bbPrograma de Adaptaci\u00f3n y Sensibilizaci\u00f3n al CPAP\u00bb open_toggle_text_color=\u00bb#000000&#8243; open_toggle_background_color=\u00bb#f7f7f7&#8243; closed_toggle_text_color=\u00bb#8c8c8c\u00bb closed_toggle_background_color=\u00bb#f7f7f7&#8243; icon_color=\u00bb#8c8c8c\u00bb _builder_version=\u00bb3.0.106&#8243; title_font=\u00bbOpen Sans|on|||\u00bb title_font_size=\u00bb24&#8243; title_font_size_tablet=\u00bb18&#8243; title_font_size_last_edited=\u00bbon|tablet\u00bb title_text_color=\u00bb#000000&#8243; body_font=\u00bbOpen Sans||||\u00bb body_font_size=\u00bb18&#8243; body_text_color=\u00bb#666666&#8243; body_line_height=\u00bb1.6em\u00bb background_size=\u00bbinitial\u00bb background_position=\u00bbtop_left\u00bb background_repeat=\u00bbrepeat\u00bb border_width_all=\u00bb1px\u00bb border_color_all=\u00bb#f7f7f7&#8243; border_style_all=\u00bbsolid\u00bb custom_padding=\u00bb5px|0px|0px|0px\u00bb custom_css_toggle_icon=\u00bbfont-size:20px;||\u00bb use_border_color=\u00bbon\u00bb border_color=\u00bb#f7f7f7&#8243; border_style=\u00bbsolid\u00bb]<br \/>\n[\/et_pb_toggle][et_pb_divider admin_label=\u00bbDivider\u00bb color=\u00bb#0079b1&#8243; show_divider=\u00bbon\u00bb divider_weight=\u00bb4&#8243; height=\u00bb0&#8243; _builder_version=\u00bb3.0.106&#8243; hide_on_mobile=\u00bboff\u00bb]<br \/>\n[\/et_pb_divider][et_pb_toggle admin_label=\u00bbToggle\u00bb title=\u00bbPrograma de seguimiento a Pacientes en Tratamiento con CPAP\u00bb open_toggle_text_color=\u00bb#000000&#8243; open_toggle_background_color=\u00bb#f7f7f7&#8243; closed_toggle_text_color=\u00bb#8c8c8c\u00bb closed_toggle_background_color=\u00bb#f7f7f7&#8243; icon_color=\u00bb#8c8c8c\u00bb _builder_version=\u00bb3.0.106&#8243; title_font=\u00bbOpen Sans|on|||\u00bb title_font_size=\u00bb24&#8243; title_font_size_tablet=\u00bb18&#8243; title_font_size_last_edited=\u00bbon|tablet\u00bb title_text_color=\u00bb#000000&#8243; body_font=\u00bbOpen Sans||||\u00bb body_font_size=\u00bb18&#8243; body_text_color=\u00bb#666666&#8243; body_line_height=\u00bb1.6em\u00bb background_size=\u00bbinitial\u00bb background_position=\u00bbtop_left\u00bb background_repeat=\u00bbrepeat\u00bb border_width_all=\u00bb1px\u00bb border_color_all=\u00bb#f7f7f7&#8243; border_style_all=\u00bbsolid\u00bb custom_padding=\u00bb5px|0px|0px|0px\u00bb custom_css_toggle_icon=\u00bbfont-size:20px;||\u00bb use_border_color=\u00bbon\u00bb border_color=\u00bb#f7f7f7&#8243; border_style=\u00bbsolid\u00bb]<br \/>\n[\/et_pb_toggle][et_pb_divider admin_label=\u00bbDivider\u00bb color=\u00bb#0079b1&#8243; show_divider=\u00bbon\u00bb divider_weight=\u00bb4&#8243; height=\u00bb0&#8243; _builder_version=\u00bb3.0.106&#8243; hide_on_mobile=\u00bboff\u00bb]<br \/>\n[\/et_pb_divider][et_pb_text _builder_version=\u00bb3.0.106&#8243; text_font=\u00bb||||||||\u00bb text_font_size=\u00bb25px\u00bb text_text_color=\u00bb#ffffff\u00bb text_line_height=\u00bb1.8em\u00bb background_color=\u00bb#0079B1&#8243;]<\/p>\n<p style=\"text-align: center;\"><strong>LABORATORIO DE NEUMOLOG\u00cdA<\/strong><\/p>\n<p>[\/et_pb_text][et_pb_divider admin_label=\u00bbDivider\u00bb color=\u00bb#0079b1&#8243; show_divider=\u00bbon\u00bb divider_weight=\u00bb4&#8243; height=\u00bb0&#8243; _builder_version=\u00bb3.0.106&#8243; hide_on_mobile=\u00bboff\u00bb]<br \/>\n[\/et_pb_divider][et_pb_toggle admin_label=\u00bbToggle\u00bb title=\u00bbEspirometr\u00eda\u00bb open_toggle_text_color=\u00bb#000000&#8243; open_toggle_background_color=\u00bb#f7f7f7&#8243; closed_toggle_text_color=\u00bb#8c8c8c\u00bb closed_toggle_background_color=\u00bb#f7f7f7&#8243; icon_color=\u00bb#8c8c8c\u00bb _builder_version=\u00bb3.0.106&#8243; title_font=\u00bbOpen Sans|on|||\u00bb title_font_size=\u00bb24&#8243; title_font_size_tablet=\u00bb18&#8243; title_font_size_last_edited=\u00bbon|tablet\u00bb title_text_color=\u00bb#000000&#8243; body_font=\u00bbOpen Sans||||\u00bb body_font_size=\u00bb18&#8243; body_text_color=\u00bb#666666&#8243; body_line_height=\u00bb1.6em\u00bb background_size=\u00bbinitial\u00bb background_position=\u00bbtop_left\u00bb background_repeat=\u00bbrepeat\u00bb border_width_all=\u00bb1px\u00bb border_color_all=\u00bb#f7f7f7&#8243; border_style_all=\u00bbsolid\u00bb custom_padding=\u00bb5px|0px|0px|0px\u00bb custom_css_toggle_icon=\u00bbfont-size:20px;||\u00bb use_border_color=\u00bbon\u00bb border_color=\u00bb#f7f7f7&#8243; border_style=\u00bbsolid\u00bb]<br \/>\n[\/et_pb_toggle][et_pb_divider admin_label=\u00bbDivider\u00bb color=\u00bb#0079b1&#8243; show_divider=\u00bbon\u00bb divider_weight=\u00bb4&#8243; height=\u00bb0&#8243; _builder_version=\u00bb3.0.106&#8243; hide_on_mobile=\u00bboff\u00bb]<br \/>\n[\/et_pb_divider][\/et_pb_column][\/et_pb_row][et_pb_row admin_label=\u00bbRow\u00bb custom_padding=\u00bb0||0px|\u00bb custom_padding_tablet=\u00bb90px||0px|\u00bb column_padding_mobile=\u00bbon\u00bb parallax_method_1=\u00bboff\u00bb parallax_method_2=\u00bboff\u00bb custom_padding_last_edited=\u00bbon|desktop\u00bb _builder_version=\u00bb3.0.106&#8243; background_size=\u00bbinitial\u00bb background_position=\u00bbtop_left\u00bb background_repeat=\u00bbrepeat\u00bb border_color_all=\u00bb#0079B1&#8243; custom_padding_phone=\u00bb11px|0px|0px|0px\u00bb][et_pb_column type=\u00bb4_4&#8243;][et_pb_divider admin_label=\u00bbDivider\u00bb color=\u00bb#0079b1&#8243; show_divider=\u00bbon\u00bb divider_weight=\u00bb4&#8243; height=\u00bb0&#8243; _builder_version=\u00bb3.0.106&#8243; hide_on_mobile=\u00bboff\u00bb]<br \/>\n[\/et_pb_divider][et_pb_toggle admin_label=\u00bbToggle\u00bb title=\u00bbCaminata de Seis Minutos\u00bb open_toggle_text_color=\u00bb#000000&#8243; open_toggle_background_color=\u00bb#f7f7f7&#8243; closed_toggle_text_color=\u00bb#8c8c8c\u00bb closed_toggle_background_color=\u00bb#f7f7f7&#8243; icon_color=\u00bb#8c8c8c\u00bb _builder_version=\u00bb3.0.106&#8243; title_font=\u00bbOpen Sans|on|||\u00bb title_font_size=\u00bb24&#8243; title_font_size_tablet=\u00bb18&#8243; title_font_size_last_edited=\u00bbon|tablet\u00bb title_text_color=\u00bb#000000&#8243; body_font=\u00bbOpen Sans||||\u00bb body_font_size=\u00bb18&#8243; body_text_color=\u00bb#666666&#8243; body_line_height=\u00bb1.6em\u00bb background_size=\u00bbinitial\u00bb background_position=\u00bbtop_left\u00bb background_repeat=\u00bbrepeat\u00bb border_width_all=\u00bb1px\u00bb border_color_all=\u00bb#f7f7f7&#8243; border_style_all=\u00bbsolid\u00bb custom_padding=\u00bb5px|0px|0px|0px\u00bb custom_css_toggle_icon=\u00bbfont-size:20px;||\u00bb use_border_color=\u00bbon\u00bb border_color=\u00bb#f7f7f7&#8243; border_style=\u00bbsolid\u00bb]<\/p>\n<p><span style=\"font-family: Verdana; font-size: small;\">Realizar la PC6min tiene como principal meta efectuar una evaluaci\u00f3n objetiva de la capacidad funcional para hacer ejercicio, que vaya m\u00e1s all\u00e1 de la tradicional pregunta acerca de cu\u00e1ntas cuadras camina o cu\u00e1ntos pisos sube en una escalera, que tiene respuestas muy subjetivas.<\/span><\/p>\n<p><span style=\"font-family: Verdana; font-size: small;\">Se debe realizar en pacientes con moderada o severa limitaci\u00f3n al ejercicio, ya sea de causa respiratoria o card\u00edaca y no es sustituto sino complemento del test cardio-pulmonar, ya que no puede diferenciar las causas que provocan la disnea como lo hace este \u00faltimo.<\/span><\/p>\n<p>[\/et_pb_toggle][et_pb_divider admin_label=\u00bbDivider\u00bb color=\u00bb#0079b1&#8243; show_divider=\u00bbon\u00bb divider_weight=\u00bb4&#8243; height=\u00bb0&#8243; _builder_version=\u00bb3.0.106&#8243; hide_on_mobile=\u00bboff\u00bb]<br \/>\n[\/et_pb_divider][\/et_pb_column][\/et_pb_row][et_pb_row admin_label=\u00bbRow\u00bb custom_padding=\u00bb0||0px|\u00bb custom_padding_tablet=\u00bb90px||0px|\u00bb column_padding_mobile=\u00bbon\u00bb parallax_method_1=\u00bboff\u00bb parallax_method_2=\u00bboff\u00bb custom_padding_last_edited=\u00bbon|desktop\u00bb _builder_version=\u00bb3.0.106&#8243; background_size=\u00bbinitial\u00bb background_position=\u00bbtop_left\u00bb background_repeat=\u00bbrepeat\u00bb border_color_all=\u00bb#0079B1&#8243; custom_padding_phone=\u00bb3px|0px|0px|0px\u00bb][et_pb_column type=\u00bb4_4&#8243;][et_pb_divider admin_label=\u00bbDivider\u00bb color=\u00bb#0079b1&#8243; show_divider=\u00bbon\u00bb divider_weight=\u00bb4&#8243; height=\u00bb0&#8243; _builder_version=\u00bb3.0.106&#8243; hide_on_mobile=\u00bboff\u00bb]<br \/>\n[\/et_pb_divider][et_pb_toggle admin_label=\u00bbToggle\u00bb title=\u00bbRehabilitaci\u00f3n Pulmonar\u00bb open_toggle_text_color=\u00bb#000000&#8243; open_toggle_background_color=\u00bb#f7f7f7&#8243; closed_toggle_text_color=\u00bb#8c8c8c\u00bb closed_toggle_background_color=\u00bb#f7f7f7&#8243; icon_color=\u00bb#8c8c8c\u00bb _builder_version=\u00bb3.0.106&#8243; title_font=\u00bbOpen Sans|on|||\u00bb title_font_size=\u00bb24&#8243; title_font_size_tablet=\u00bb18&#8243; title_font_size_last_edited=\u00bbon|tablet\u00bb title_text_color=\u00bb#000000&#8243; body_font=\u00bbOpen Sans||||\u00bb body_font_size=\u00bb18&#8243; body_text_color=\u00bb#666666&#8243; body_line_height=\u00bb1.6em\u00bb background_size=\u00bbinitial\u00bb background_position=\u00bbtop_left\u00bb background_repeat=\u00bbrepeat\u00bb border_width_all=\u00bb1px\u00bb border_color_all=\u00bb#f7f7f7&#8243; border_style_all=\u00bbsolid\u00bb custom_padding=\u00bb5px|0px|0px|0px\u00bb custom_css_toggle_icon=\u00bbfont-size:20px;||\u00bb use_border_color=\u00bbon\u00bb border_color=\u00bb#f7f7f7&#8243; border_style=\u00bbsolid\u00bb]<br \/>\n[\/et_pb_toggle][et_pb_divider admin_label=\u00bbDivider\u00bb color=\u00bb#0079b1&#8243; show_divider=\u00bbon\u00bb divider_weight=\u00bb4&#8243; height=\u00bb0&#8243; _builder_version=\u00bb3.0.106&#8243; hide_on_mobile=\u00bboff\u00bb]<br \/>\n[\/et_pb_divider][et_pb_text _builder_version=\u00bb3.0.106&#8243; text_font=\u00bb||||||||\u00bb text_font_size=\u00bb25px\u00bb text_text_color=\u00bb#ffffff\u00bb text_line_height=\u00bb1.8em\u00bb background_color=\u00bb#0079B1&#8243;]<\/p>\n<p style=\"text-align: center;\"><strong>CONSULTAS M\u00c9DICAS ESPECIALIZADAS<\/strong><\/p>\n<p>[\/et_pb_text][et_pb_divider admin_label=\u00bbDivider\u00bb color=\u00bb#0079b1&#8243; show_divider=\u00bbon\u00bb divider_weight=\u00bb4&#8243; height=\u00bb0&#8243; _builder_version=\u00bb3.0.106&#8243; hide_on_mobile=\u00bboff\u00bb]<br \/>\n[\/et_pb_divider][et_pb_toggle admin_label=\u00bbToggle\u00bb title=\u00bbMedicina del Sue\u00f1o\u00bb open_toggle_text_color=\u00bb#000000&#8243; open_toggle_background_color=\u00bb#f7f7f7&#8243; closed_toggle_text_color=\u00bb#8c8c8c\u00bb closed_toggle_background_color=\u00bb#f7f7f7&#8243; icon_color=\u00bb#8c8c8c\u00bb _builder_version=\u00bb3.0.106&#8243; title_font=\u00bbOpen Sans|on|||\u00bb title_font_size=\u00bb24&#8243; title_font_size_tablet=\u00bb18&#8243; title_font_size_last_edited=\u00bbon|tablet\u00bb title_text_color=\u00bb#000000&#8243; body_font=\u00bbOpen Sans||||\u00bb body_font_size=\u00bb18&#8243; body_text_color=\u00bb#666666&#8243; body_line_height=\u00bb1.6em\u00bb background_size=\u00bbinitial\u00bb background_position=\u00bbtop_left\u00bb background_repeat=\u00bbrepeat\u00bb border_width_all=\u00bb1px\u00bb border_color_all=\u00bb#f7f7f7&#8243; border_style_all=\u00bbsolid\u00bb custom_padding=\u00bb5px|0px|0px|0px\u00bb custom_css_toggle_icon=\u00bbfont-size:20px;||\u00bb use_border_color=\u00bbon\u00bb border_color=\u00bb#f7f7f7&#8243; border_style=\u00bbsolid\u00bb]<br \/>\n[\/et_pb_toggle][et_pb_divider admin_label=\u00bbDivider\u00bb color=\u00bb#0079b1&#8243; show_divider=\u00bbon\u00bb divider_weight=\u00bb4&#8243; height=\u00bb0&#8243; _builder_version=\u00bb3.0.106&#8243; hide_on_mobile=\u00bboff\u00bb]<br \/>\n[\/et_pb_divider][et_pb_toggle admin_label=\u00bbToggle\u00bb title=\u00bbNeumolog\u00eda\u00bb open_toggle_text_color=\u00bb#000000&#8243; open_toggle_background_color=\u00bb#f7f7f7&#8243; closed_toggle_text_color=\u00bb#8c8c8c\u00bb closed_toggle_background_color=\u00bb#f7f7f7&#8243; icon_color=\u00bb#8c8c8c\u00bb _builder_version=\u00bb3.0.106&#8243; title_font=\u00bbOpen Sans|on|||\u00bb title_font_size=\u00bb24&#8243; title_font_size_tablet=\u00bb18&#8243; title_font_size_last_edited=\u00bbon|tablet\u00bb title_text_color=\u00bb#000000&#8243; body_font=\u00bbOpen Sans||||\u00bb body_font_size=\u00bb18&#8243; body_text_color=\u00bb#666666&#8243; body_line_height=\u00bb1.6em\u00bb background_size=\u00bbinitial\u00bb background_position=\u00bbtop_left\u00bb background_repeat=\u00bbrepeat\u00bb border_width_all=\u00bb1px\u00bb border_color_all=\u00bb#f7f7f7&#8243; border_style_all=\u00bbsolid\u00bb custom_padding=\u00bb5px|0px|0px|0px\u00bb custom_css_toggle_icon=\u00bbfont-size:20px;||\u00bb use_border_color=\u00bbon\u00bb border_color=\u00bb#f7f7f7&#8243; border_style=\u00bbsolid\u00bb]<\/p>\n<p>Equipo especializado conformado por m\u00e9dicos con doble especialidad: medicina interna y neumolog\u00eda, que hacen un abordaje desde un enfoque sist\u00e9mico para la resoluci\u00f3n de las enfermedades respiratorias probables o comprobadas. Contamos con un laboratorio de funci\u00f3n pulmonar, realizamos e interpretamos pruebas de espirometr\u00eda y caminata.<\/p>\n<p>As\u00ed mismo, contamos con la unidad de rehabilitaci\u00f3n pulmonar donde, bajo la direcci\u00f3n y supervisi\u00f3n de neum\u00f3logos expertos, y con terapias de rehabilitaci\u00f3n, se busca recuperar la capacidad funcional respiratoria, mejorar la adaptaci\u00f3n de los pacientes afectados por enfermedades respiratorias cr\u00f3nicas y la tolerancia al ejercicio.<\/p>\n<p>[\/et_pb_toggle][et_pb_divider admin_label=\u00bbDivider\u00bb color=\u00bb#0079b1&#8243; show_divider=\u00bbon\u00bb divider_weight=\u00bb4&#8243; height=\u00bb0&#8243; _builder_version=\u00bb3.0.106&#8243; hide_on_mobile=\u00bboff\u00bb]<br \/>\n[\/et_pb_divider][et_pb_toggle admin_label=\u00bbToggle\u00bb title=\u00bbNeumolog\u00eda Pedi\u00e1trica\u00bb open_toggle_text_color=\u00bb#000000&#8243; open_toggle_background_color=\u00bb#f7f7f7&#8243; closed_toggle_text_color=\u00bb#8c8c8c\u00bb closed_toggle_background_color=\u00bb#f7f7f7&#8243; icon_color=\u00bb#8c8c8c\u00bb _builder_version=\u00bb3.0.106&#8243; title_font=\u00bbOpen Sans|on|||\u00bb title_font_size=\u00bb24&#8243; title_font_size_tablet=\u00bb18&#8243; title_font_size_last_edited=\u00bbon|tablet\u00bb title_text_color=\u00bb#000000&#8243; body_font=\u00bbOpen Sans||||\u00bb body_font_size=\u00bb18&#8243; body_text_color=\u00bb#666666&#8243; body_line_height=\u00bb1.6em\u00bb background_size=\u00bbinitial\u00bb background_position=\u00bbtop_left\u00bb background_repeat=\u00bbrepeat\u00bb border_width_all=\u00bb1px\u00bb border_color_all=\u00bb#f7f7f7&#8243; border_style_all=\u00bbsolid\u00bb custom_padding=\u00bb5px|0px|0px|0px\u00bb custom_css_toggle_icon=\u00bbfont-size:20px;||\u00bb use_border_color=\u00bbon\u00bb border_color=\u00bb#f7f7f7&#8243; border_style=\u00bbsolid\u00bb]<br \/>\n[\/et_pb_toggle][et_pb_divider admin_label=\u00bbDivider\u00bb color=\u00bb#0079b1&#8243; show_divider=\u00bbon\u00bb divider_weight=\u00bb4&#8243; height=\u00bb0&#8243; _builder_version=\u00bb3.0.106&#8243; hide_on_mobile=\u00bboff\u00bb]<br \/>\n[\/et_pb_divider][et_pb_toggle admin_label=\u00bbToggle\u00bb title=\u00bbOtorrinolaringolog\u00eda\u00bb open_toggle_text_color=\u00bb#000000&#8243; open_toggle_background_color=\u00bb#f7f7f7&#8243; closed_toggle_text_color=\u00bb#8c8c8c\u00bb closed_toggle_background_color=\u00bb#f7f7f7&#8243; icon_color=\u00bb#8c8c8c\u00bb _builder_version=\u00bb3.0.106&#8243; title_font=\u00bbOpen Sans|on|||\u00bb title_font_size=\u00bb24&#8243; title_font_size_tablet=\u00bb18&#8243; title_font_size_last_edited=\u00bbon|tablet\u00bb title_text_color=\u00bb#000000&#8243; body_font=\u00bbOpen Sans||||\u00bb body_font_size=\u00bb18&#8243; body_text_color=\u00bb#666666&#8243; body_line_height=\u00bb1.6em\u00bb background_size=\u00bbinitial\u00bb background_position=\u00bbtop_left\u00bb background_repeat=\u00bbrepeat\u00bb border_width_all=\u00bb1px\u00bb border_color_all=\u00bb#f7f7f7&#8243; border_style_all=\u00bbsolid\u00bb custom_padding=\u00bb5px|0px|0px|0px\u00bb custom_css_toggle_icon=\u00bbfont-size:20px;||\u00bb use_border_color=\u00bbon\u00bb border_color=\u00bb#f7f7f7&#8243; border_style=\u00bbsolid\u00bb]<br \/>\n[\/et_pb_toggle][et_pb_divider admin_label=\u00bbDivider\u00bb color=\u00bb#0079b1&#8243; show_divider=\u00bbon\u00bb divider_weight=\u00bb4&#8243; height=\u00bb0&#8243; _builder_version=\u00bb3.0.106&#8243; hide_on_mobile=\u00bboff\u00bb]<br \/>\n[\/et_pb_divider][et_pb_toggle admin_label=\u00bbToggle\u00bb title=\u00bbPsiquiatr\u00eda\u00bb open_toggle_text_color=\u00bb#000000&#8243; open_toggle_background_color=\u00bb#f7f7f7&#8243; closed_toggle_text_color=\u00bb#8c8c8c\u00bb closed_toggle_background_color=\u00bb#f7f7f7&#8243; icon_color=\u00bb#8c8c8c\u00bb _builder_version=\u00bb3.0.106&#8243; title_font=\u00bbOpen Sans|on|||\u00bb title_font_size=\u00bb24&#8243; title_font_size_tablet=\u00bb18&#8243; title_font_size_last_edited=\u00bbon|tablet\u00bb title_text_color=\u00bb#000000&#8243; body_font=\u00bbOpen Sans||||\u00bb body_font_size=\u00bb18&#8243; body_text_color=\u00bb#666666&#8243; body_line_height=\u00bb1.6em\u00bb background_size=\u00bbinitial\u00bb background_position=\u00bbtop_left\u00bb background_repeat=\u00bbrepeat\u00bb border_width_all=\u00bb1px\u00bb border_color_all=\u00bb#f7f7f7&#8243; border_style_all=\u00bbsolid\u00bb custom_padding=\u00bb5px|0px|0px|0px\u00bb custom_css_toggle_icon=\u00bbfont-size:20px;||\u00bb use_border_color=\u00bbon\u00bb border_color=\u00bb#f7f7f7&#8243; border_style=\u00bbsolid\u00bb]<br \/>\n[\/et_pb_toggle][et_pb_divider admin_label=\u00bbDivider\u00bb color=\u00bb#0079b1&#8243; show_divider=\u00bbon\u00bb divider_weight=\u00bb4&#8243; height=\u00bb0&#8243; _builder_version=\u00bb3.0.106&#8243; hide_on_mobile=\u00bboff\u00bb]<br \/>\n[\/et_pb_divider][et_pb_toggle admin_label=\u00bbToggle\u00bb title=\u00bbMedicina General\u00bb open_toggle_text_color=\u00bb#000000&#8243; open_toggle_background_color=\u00bb#f7f7f7&#8243; closed_toggle_text_color=\u00bb#8c8c8c\u00bb closed_toggle_background_color=\u00bb#f7f7f7&#8243; icon_color=\u00bb#8c8c8c\u00bb _builder_version=\u00bb3.0.106&#8243; title_font=\u00bbOpen Sans|on|||\u00bb title_font_size=\u00bb24&#8243; title_font_size_tablet=\u00bb18&#8243; title_font_size_last_edited=\u00bbon|tablet\u00bb title_text_color=\u00bb#000000&#8243; body_font=\u00bbOpen Sans||||\u00bb body_font_size=\u00bb18&#8243; body_text_color=\u00bb#666666&#8243; body_line_height=\u00bb1.6em\u00bb background_size=\u00bbinitial\u00bb background_position=\u00bbtop_left\u00bb background_repeat=\u00bbrepeat\u00bb border_width_all=\u00bb1px\u00bb border_color_all=\u00bb#f7f7f7&#8243; border_style_all=\u00bbsolid\u00bb custom_padding=\u00bb5px|0px|0px|0px\u00bb custom_css_toggle_icon=\u00bbfont-size:20px;||\u00bb use_border_color=\u00bbon\u00bb border_color=\u00bb#f7f7f7&#8243; border_style=\u00bbsolid\u00bb]<br \/>\n[\/et_pb_toggle][et_pb_divider admin_label=\u00bbDivider\u00bb color=\u00bb#0079b1&#8243; show_divider=\u00bbon\u00bb divider_weight=\u00bb4&#8243; height=\u00bb0&#8243; _builder_version=\u00bb3.0.106&#8243; hide_on_mobile=\u00bboff\u00bb]<br \/>\n[\/et_pb_divider][et_pb_toggle admin_label=\u00bbToggle\u00bb title=\u00bbNeuropsicolog\u00eda\u00bb open_toggle_text_color=\u00bb#000000&#8243; open_toggle_background_color=\u00bb#f7f7f7&#8243; closed_toggle_text_color=\u00bb#8c8c8c\u00bb closed_toggle_background_color=\u00bb#f7f7f7&#8243; icon_color=\u00bb#8c8c8c\u00bb _builder_version=\u00bb3.0.106&#8243; title_font=\u00bbOpen Sans|on|||\u00bb title_font_size=\u00bb24&#8243; title_font_size_tablet=\u00bb18&#8243; title_font_size_last_edited=\u00bbon|tablet\u00bb title_text_color=\u00bb#000000&#8243; body_font=\u00bbOpen Sans||||\u00bb body_font_size=\u00bb18&#8243; body_text_color=\u00bb#666666&#8243; body_line_height=\u00bb1.6em\u00bb background_size=\u00bbinitial\u00bb background_position=\u00bbtop_left\u00bb background_repeat=\u00bbrepeat\u00bb border_width_all=\u00bb1px\u00bb border_color_all=\u00bb#f7f7f7&#8243; border_style_all=\u00bbsolid\u00bb custom_padding=\u00bb5px|0px|0px|0px\u00bb custom_css_toggle_icon=\u00bbfont-size:20px;||\u00bb use_border_color=\u00bbon\u00bb border_color=\u00bb#f7f7f7&#8243; border_style=\u00bbsolid\u00bb]<\/p>\n<p>Apoyo, gu\u00eda y tratamiento a los pacientes, desde sus habilidades cognitivas, fortaleciendo principalmente su calidad\u00a0de vida,\u00a0permitiendo as\u00ed un mejor desempe\u00f1o en la vida diaria. Su \u00e9nfasis\u00a0 \u00a0consiste en\u00a0planificar procesos de evaluaci\u00f3n, diagn\u00f3stico, habilitaci\u00f3n, estimulaci\u00f3n y rehabilitaci\u00f3n en ni\u00f1os, adolescentes y adultos.\u00a0Las \u00e1reas cognitivas son: atenci\u00f3n, memoria, lenguaje, habilidades viso-constructivas, funciones ejecutivas.<\/p>\n<p>As\u00ed mismo, brindamos evaluaci\u00f3n e intervenci\u00f3n neuropsicol\u00f3gica a pacientes con\u00a0\u00a0\u00a0traumatismo de cr\u00e1neo, accidente cerebro-vascular, tumores cerebrales, enfermedades neurodegenerativas,\u00a0problemas de aprendizaje, ni\u00f1os con dificultades en el desarrollo, autismo, s\u00edndrome de Down, problemas de lectura, capacidad intelectual lim\u00edtrofe y otras alteraciones en el desarrollo.<\/p>\n<p>[\/et_pb_toggle][et_pb_divider admin_label=\u00bbDivider\u00bb color=\u00bb#0079b1&#8243; show_divider=\u00bbon\u00bb divider_weight=\u00bb4&#8243; height=\u00bb0&#8243; _builder_version=\u00bb3.0.106&#8243; hide_on_mobile=\u00bboff\u00bb]<br \/>\n[\/et_pb_divider][et_pb_divider admin_label=\u00bbDivider\u00bb height=\u00bb133&#8243; _builder_version=\u00bb3.0.47&#8243; hide_on_mobile=\u00bboff\u00bb]<br \/>\n[\/et_pb_divider][\/et_pb_column][\/et_pb_row][\/et_pb_section]<\/p>\n","protected":false},"excerpt":{"rendered":"<p>[et_pb_section bb_built=\u00bb1&#8243; admin_label=\u00bbsection\u00bb background_color=\u00bb#ffffff\u00bb _builder_version=\u00bb3.0.106&#8243; custom_padding=\u00bb0px||0px|\u00bb custom_padding_tablet=\u00bb0px||0px|\u00bb top_divider_style=\u00bbclouds2&#8243; top_divider_color=\u00bb#0079b1&#8243; transparent_background=\u00bboff\u00bb padding_mobile=\u00bbon\u00bb next_background_color=\u00bb#000000&#8243;][et_pb_row admin_label=\u00bbRow\u00bb custom_width_px=\u00bb940px\u00bb custom_padding=\u00bb153px||31px|\u00bb custom_padding_tablet=\u00bb0px||64px|\u00bb column_padding_mobile=\u00bbon\u00bb parallax_method_1=\u00bboff\u00bb custom_padding_last_edited=\u00bbon|desktop\u00bb _builder_version=\u00bb3.0.47&#8243; background_size=\u00bbinitial\u00bb background_position=\u00bbtop_left\u00bb background_repeat=\u00bbrepeat\u00bb custom_padding_phone=\u00bb0px|0px|33px|0px\u00bb][et_pb_column type=\u00bb4_4&#8243;][et_pb_text _builder_version=\u00bb3.0.106&#8243; text_font=\u00bb||||||||\u00bb text_font_size=\u00bb45px\u00bb custom_margin=\u00bb100px|||\u00bb] Servicios [\/et_pb_text][et_pb_divider show_divider=\u00bbon\u00bb height=\u00bb2px\u00bb _builder_version=\u00bb3.0.106&#8243; background_color=\u00bb#0079b1&#8243;] [\/et_pb_divider][et_pb_text admin_label=\u00bbText\u00bb _builder_version=\u00bb3.0.106&#8243; text_font=\u00bbOpen Sans||||\u00bb text_font_size=\u00bb24&#8243; text_font_size_tablet=\u00bb18&#8243; text_font_size_last_edited=\u00bbon|tablet\u00bb text_text_color=\u00bb#888888&#8243; text_line_height=\u00bb1.4em\u00bb background_size=\u00bbinitial\u00bb background_position=\u00bbtop_left\u00bb background_repeat=\u00bbrepeat\u00bb max_width=\u00bb940px\u00bb use_border_color=\u00bboff\u00bb border_color=\u00bb#ffffff\u00bb border_style=\u00bbsolid\u00bb] En el centro [&hellip;]<\/p>\n","protected":false},"author":1,"featured_media":0,"parent":0,"menu_order":0,"comment_status":"closed","ping_status":"closed","template":"","meta":{"footnotes":""},"class_list":["post-40","page","type-page","status-publish","hentry"],"_links":{"self":[{"href":"https:\/\/fundasuvicol.org\/sitio\/wp-json\/wp\/v2\/pages\/40","targetHints":{"allow":["GET"]}}],"collection":[{"href":"https:\/\/fundasuvicol.org\/sitio\/wp-json\/wp\/v2\/pages"}],"about":[{"href":"https:\/\/fundasuvicol.org\/sitio\/wp-json\/wp\/v2\/types\/page"}],"author":[{"embeddable":true,"href":"https:\/\/fundasuvicol.org\/sitio\/wp-json\/wp\/v2\/users\/1"}],"replies":[{"embeddable":true,"href":"https:\/\/fundasuvicol.org\/sitio\/wp-json\/wp\/v2\/comments?post=40"}],"version-history":[{"count":30,"href":"https:\/\/fundasuvicol.org\/sitio\/wp-json\/wp\/v2\/pages\/40\/revisions"}],"predecessor-version":[{"id":48165,"href":"https:\/\/fundasuvicol.org\/sitio\/wp-json\/wp\/v2\/pages\/40\/revisions\/48165"}],"wp:attachment":[{"href":"https:\/\/fundasuvicol.org\/sitio\/wp-json\/wp\/v2\/media?parent=40"}],"curies":[{"name":"wp","href":"https:\/\/api.w.org\/{rel}","templated":true}]}}